{"id":1900,"date":"2018-11-13T15:27:11","date_gmt":"2018-11-13T15:27:11","guid":{"rendered":"http:\/\/www.congressolmc.pt\/?page_id=1900"},"modified":"2025-11-07T19:43:01","modified_gmt":"2025-11-07T19:43:01","slug":"comissao-cientifica","status":"publish","type":"page","link":"https:\/\/gilm.pt\/congressolmc\/comissao-cientifica\/","title":{"rendered":"Comiss\u00e3o cient\u00edfica"},"content":{"rendered":"\t\t<div data-elementor-type=\"wp-page\" data-elementor-id=\"1900\" class=\"elementor elementor-1900\" data-elementor-post-type=\"page\">\n\t\t\t\t\t\t<section class=\"elementor-section elementor-top-section elementor-element elementor-element-7a04b1e elementor-hidden-tablet elementor-hidden-mobile elementor-section-boxed elementor-section-height-default elementor-section-height-default\" data-id=\"7a04b1e\" data-element_type=\"section\" data-e-type=\"section\" data-settings=\"{&quot;background_background&quot;:&quot;classic&quot;}\">\n\t\t\t\t\t\t\t<div class=\"elementor-background-overlay\"><\/div>\n\t\t\t\t\t\t\t<div class=\"elementor-container elementor-column-gap-default\">\n\t\t\t\t\t<div class=\"elementor-column elementor-col-100 elementor-top-column elementor-element elementor-element-4788ebb\" data-id=\"4788ebb\" data-element_type=\"column\" data-e-type=\"column\" data-settings=\"{&quot;background_background&quot;:&quot;classic&quot;}\">\n\t\t\t<div class=\"elementor-widget-wrap elementor-element-populated\">\n\t\t\t\t\t\t<section class=\"elementor-section elementor-inner-section elementor-element elementor-element-f3fb0e7 elementor-section-boxed elementor-section-height-default elementor-section-height-default\" data-id=\"f3fb0e7\" data-element_type=\"section\" data-e-type=\"section\">\n\t\t\t\t\t\t<div class=\"elementor-container elementor-column-gap-default\">\n\t\t\t\t\t<div class=\"elementor-column elementor-col-100 elementor-inner-column elementor-element elementor-element-0cc546e\" data-id=\"0cc546e\" data-element_type=\"column\" data-e-type=\"column\" data-settings=\"{&quot;background_background&quot;:&quot;classic&quot;}\">\n\t\t\t<div class=\"elementor-widget-wrap elementor-element-populated\">\n\t\t\t\t\t\t<div class=\"elementor-element elementor-element-9553328 elementor-position-top elementor-widget elementor-widget-image-box\" data-id=\"9553328\" data-element_type=\"widget\" data-e-type=\"widget\" data-widget_type=\"image-box.default\">\n\t\t\t\t<div class=\"elementor-widget-container\">\n\t\t\t\t\t<div class=\"elementor-image-box-wrapper\"><figure class=\"elementor-image-box-img\"><img fetchpriority=\"high\" decoding=\"async\" width=\"2000\" height=\"1999\" src=\"https:\/\/gilm.pt\/congressolmc\/wp-content\/uploads\/2023\/03\/Mest-JORN_Fernanda-Bonacho_site.jpg\" class=\"attachment-full size-full wp-image-6313\" alt=\"\" srcset=\"https:\/\/gilm.pt\/congressolmc\/wp-content\/uploads\/2023\/03\/Mest-JORN_Fernanda-Bonacho_site.jpg 2000w, https:\/\/gilm.pt\/congressolmc\/wp-content\/uploads\/2023\/03\/Mest-JORN_Fernanda-Bonacho_site-300x300.jpg 300w, https:\/\/gilm.pt\/congressolmc\/wp-content\/uploads\/2023\/03\/Mest-JORN_Fernanda-Bonacho_site-1024x1024.jpg 1024w, https:\/\/gilm.pt\/congressolmc\/wp-content\/uploads\/2023\/03\/Mest-JORN_Fernanda-Bonacho_site-150x150.jpg 150w, https:\/\/gilm.pt\/congressolmc\/wp-content\/uploads\/2023\/03\/Mest-JORN_Fernanda-Bonacho_site-768x768.jpg 768w, https:\/\/gilm.pt\/congressolmc\/wp-content\/uploads\/2023\/03\/Mest-JORN_Fernanda-Bonacho_site-1536x1536.jpg 1536w\" sizes=\"(max-width: 2000px) 100vw, 2000px\" \/><\/figure><div class=\"elementor-image-box-content\"><h3 class=\"elementor-image-box-title\">Presidente <p>Fernanda Bonacho<\/h3><p class=\"elementor-image-box-description\">Escola Superior de Comunica\u00e7\u00e3o Social do Polit\u00e9cnico de Lisboa \/ LIACOM<\/p><\/div><\/div>\t\t\t\t<\/div>\n\t\t\t\t<\/div>\n\t\t\t\t\t<\/div>\n\t\t<\/div>\n\t\t\t\t\t<\/div>\n\t\t<\/section>\n\t\t\t\t<section class=\"elementor-section elementor-inner-section elementor-element elementor-element-1703f21 elementor-section-boxed elementor-section-height-default elementor-section-height-default\" data-id=\"1703f21\" data-element_type=\"section\" data-e-type=\"section\">\n\t\t\t\t\t\t<div class=\"elementor-container elementor-column-gap-default\">\n\t\t\t\t\t<div class=\"elementor-column elementor-col-50 elementor-inner-column elementor-element elementor-element-c33ed17\" data-id=\"c33ed17\" data-element_type=\"column\" data-e-type=\"column\" data-settings=\"{&quot;background_background&quot;:&quot;classic&quot;}\">\n\t\t\t<div class=\"elementor-widget-wrap elementor-element-populated\">\n\t\t\t\t\t\t<div class=\"elementor-element elementor-element-f0fd174 elementor-position-top elementor-widget elementor-widget-image-box\" data-id=\"f0fd174\" data-element_type=\"widget\" data-e-type=\"widget\" data-widget_type=\"image-box.default\">\n\t\t\t\t<div class=\"elementor-widget-container\">\n\t\t\t\t\t<div class=\"elementor-image-box-wrapper\"><figure class=\"elementor-image-box-img\"><img decoding=\"async\" width=\"1400\" height=\"1400\" src=\"https:\/\/gilm.pt\/congressolmc\/wp-content\/uploads\/2023\/02\/Ana-Filipa-Martins.jpeg\" class=\"attachment-full size-full wp-image-5604\" alt=\"\" srcset=\"https:\/\/gilm.pt\/congressolmc\/wp-content\/uploads\/2023\/02\/Ana-Filipa-Martins.jpeg 1400w, https:\/\/gilm.pt\/congressolmc\/wp-content\/uploads\/2023\/02\/Ana-Filipa-Martins-300x300.jpeg 300w, https:\/\/gilm.pt\/congressolmc\/wp-content\/uploads\/2023\/02\/Ana-Filipa-Martins-1024x1024.jpeg 1024w, https:\/\/gilm.pt\/congressolmc\/wp-content\/uploads\/2023\/02\/Ana-Filipa-Martins-150x150.jpeg 150w, https:\/\/gilm.pt\/congressolmc\/wp-content\/uploads\/2023\/02\/Ana-Filipa-Martins-768x768.jpeg 768w\" sizes=\"(max-width: 1400px) 100vw, 1400px\" \/><\/figure><div class=\"elementor-image-box-content\"><h3 class=\"elementor-image-box-title\">Ana Filipa Martins<\/h3><p class=\"elementor-image-box-description\">Universidade do Algarve \/ CIAC<\/p><\/div><\/div>\t\t\t\t<\/div>\n\t\t\t\t<\/div>\n\t\t\t\t<div class=\"elementor-element elementor-element-c521846 elementor-widget-divider--view-line elementor-widget elementor-widget-divider\" data-id=\"c521846\" data-element_type=\"widget\" data-e-type=\"widget\" data-widget_type=\"divider.default\">\n\t\t\t\t<div class=\"elementor-widget-container\">\n\t\t\t\t\t\t\t<div class=\"elementor-divider\">\n\t\t\t<span class=\"elementor-divider-separator\">\n\t\t\t\t\t\t<\/span>\n\t\t<\/div>\n\t\t\t\t\t\t<\/div>\n\t\t\t\t<\/div>\n\t\t\t\t<div class=\"elementor-element elementor-element-900f529 elementor-position-top elementor-widget elementor-widget-image-box\" data-id=\"900f529\" data-element_type=\"widget\" data-e-type=\"widget\" data-widget_type=\"image-box.default\">\n\t\t\t\t<div class=\"elementor-widget-container\">\n\t\t\t\t\t<div class=\"elementor-image-box-wrapper\"><figure class=\"elementor-image-box-img\"><img decoding=\"async\" width=\"1650\" height=\"1650\" src=\"https:\/\/gilm.pt\/congressolmc\/wp-content\/uploads\/2025\/10\/Ana-Teresa-Peixinho-Edited.jpg\" class=\"attachment-full size-full wp-image-8033\" alt=\"\" srcset=\"https:\/\/gilm.pt\/congressolmc\/wp-content\/uploads\/2025\/10\/Ana-Teresa-Peixinho-Edited.jpg 1650w, https:\/\/gilm.pt\/congressolmc\/wp-content\/uploads\/2025\/10\/Ana-Teresa-Peixinho-Edited-300x300.jpg 300w, https:\/\/gilm.pt\/congressolmc\/wp-content\/uploads\/2025\/10\/Ana-Teresa-Peixinho-Edited-1024x1024.jpg 1024w, https:\/\/gilm.pt\/congressolmc\/wp-content\/uploads\/2025\/10\/Ana-Teresa-Peixinho-Edited-150x150.jpg 150w, https:\/\/gilm.pt\/congressolmc\/wp-content\/uploads\/2025\/10\/Ana-Teresa-Peixinho-Edited-768x768.jpg 768w, https:\/\/gilm.pt\/congressolmc\/wp-content\/uploads\/2025\/10\/Ana-Teresa-Peixinho-Edited-1536x1536.jpg 1536w\" sizes=\"(max-width: 1650px) 100vw, 1650px\" \/><\/figure><div class=\"elementor-image-box-content\"><h3 class=\"elementor-image-box-title\">Ana Teresa Peixinho<\/h3><p class=\"elementor-image-box-description\">Faculdade de Letras <br>Universidade de Coimbra<\/p><\/div><\/div>\t\t\t\t<\/div>\n\t\t\t\t<\/div>\n\t\t\t\t<div class=\"elementor-element elementor-element-079cc69 elementor-widget-divider--view-line elementor-widget elementor-widget-divider\" data-id=\"079cc69\" data-element_type=\"widget\" data-e-type=\"widget\" data-widget_type=\"divider.default\">\n\t\t\t\t<div class=\"elementor-widget-container\">\n\t\t\t\t\t\t\t<div class=\"elementor-divider\">\n\t\t\t<span class=\"elementor-divider-separator\">\n\t\t\t\t\t\t<\/span>\n\t\t<\/div>\n\t\t\t\t\t\t<\/div>\n\t\t\t\t<\/div>\n\t\t\t\t<div class=\"elementor-element elementor-element-60463c8 elementor-position-top elementor-widget elementor-widget-image-box\" data-id=\"60463c8\" data-element_type=\"widget\" data-e-type=\"widget\" data-widget_type=\"image-box.default\">\n\t\t\t\t<div class=\"elementor-widget-container\">\n\t\t\t\t\t<div class=\"elementor-image-box-wrapper\"><figure class=\"elementor-image-box-img\"><img loading=\"lazy\" decoding=\"async\" width=\"167\" height=\"167\" src=\"https:\/\/gilm.pt\/congressolmc\/wp-content\/uploads\/2023\/02\/Carla-Ganito-e1757697516780.png\" class=\"attachment-full size-full wp-image-5861\" alt=\"\" srcset=\"https:\/\/gilm.pt\/congressolmc\/wp-content\/uploads\/2023\/02\/Carla-Ganito-e1757697516780.png 167w, https:\/\/gilm.pt\/congressolmc\/wp-content\/uploads\/2023\/02\/Carla-Ganito-e1757697516780-150x150.png 150w\" sizes=\"(max-width: 167px) 100vw, 167px\" \/><\/figure><div class=\"elementor-image-box-content\"><h3 class=\"elementor-image-box-title\">Carla Ganito<\/h3><p class=\"elementor-image-box-description\">Universidade Cat\u00f3lica de Lisboa<\/p><\/div><\/div>\t\t\t\t<\/div>\n\t\t\t\t<\/div>\n\t\t\t\t<div class=\"elementor-element elementor-element-f093e64 elementor-widget-divider--view-line elementor-widget elementor-widget-divider\" data-id=\"f093e64\" data-element_type=\"widget\" data-e-type=\"widget\" data-widget_type=\"divider.default\">\n\t\t\t\t<div class=\"elementor-widget-container\">\n\t\t\t\t\t\t\t<div class=\"elementor-divider\">\n\t\t\t<span class=\"elementor-divider-separator\">\n\t\t\t\t\t\t<\/span>\n\t\t<\/div>\n\t\t\t\t\t\t<\/div>\n\t\t\t\t<\/div>\n\t\t\t\t<div class=\"elementor-element elementor-element-e6ae8a7 elementor-position-top elementor-widget elementor-widget-image-box\" data-id=\"e6ae8a7\" data-element_type=\"widget\" data-e-type=\"widget\" data-widget_type=\"image-box.default\">\n\t\t\t\t<div class=\"elementor-widget-container\">\n\t\t\t\t\t<div class=\"elementor-image-box-wrapper\"><figure class=\"elementor-image-box-img\"><img loading=\"lazy\" decoding=\"async\" width=\"1707\" height=\"1707\" src=\"https:\/\/gilm.pt\/congressolmc\/wp-content\/uploads\/2023\/02\/celiaquico-scaled-e1757697689893.jpg\" class=\"attachment-full size-full wp-image-5472\" alt=\"\" srcset=\"https:\/\/gilm.pt\/congressolmc\/wp-content\/uploads\/2023\/02\/celiaquico-scaled-e1757697689893.jpg 1707w, https:\/\/gilm.pt\/congressolmc\/wp-content\/uploads\/2023\/02\/celiaquico-scaled-e1757697689893-300x300.jpg 300w, https:\/\/gilm.pt\/congressolmc\/wp-content\/uploads\/2023\/02\/celiaquico-scaled-e1757697689893-1024x1024.jpg 1024w, https:\/\/gilm.pt\/congressolmc\/wp-content\/uploads\/2023\/02\/celiaquico-scaled-e1757697689893-150x150.jpg 150w, https:\/\/gilm.pt\/congressolmc\/wp-content\/uploads\/2023\/02\/celiaquico-scaled-e1757697689893-768x768.jpg 768w, https:\/\/gilm.pt\/congressolmc\/wp-content\/uploads\/2023\/02\/celiaquico-scaled-e1757697689893-1536x1536.jpg 1536w\" sizes=\"(max-width: 1707px) 100vw, 1707px\" \/><\/figure><div class=\"elementor-image-box-content\"><h3 class=\"elementor-image-box-title\">C\u00e9lia Quico<\/h3><p class=\"elementor-image-box-description\">Universidade Lus\u00f3fona<\/p><\/div><\/div>\t\t\t\t<\/div>\n\t\t\t\t<\/div>\n\t\t\t\t<div class=\"elementor-element elementor-element-4c44e6d elementor-widget-divider--view-line elementor-widget elementor-widget-divider\" data-id=\"4c44e6d\" data-element_type=\"widget\" data-e-type=\"widget\" data-widget_type=\"divider.default\">\n\t\t\t\t<div class=\"elementor-widget-container\">\n\t\t\t\t\t\t\t<div class=\"elementor-divider\">\n\t\t\t<span class=\"elementor-divider-separator\">\n\t\t\t\t\t\t<\/span>\n\t\t<\/div>\n\t\t\t\t\t\t<\/div>\n\t\t\t\t<\/div>\n\t\t\t\t<div class=\"elementor-element elementor-element-fa2fc4f elementor-position-top elementor-widget elementor-widget-image-box\" data-id=\"fa2fc4f\" data-element_type=\"widget\" data-e-type=\"widget\" data-widget_type=\"image-box.default\">\n\t\t\t\t<div class=\"elementor-widget-container\">\n\t\t\t\t\t<div class=\"elementor-image-box-wrapper\"><figure class=\"elementor-image-box-img\"><img loading=\"lazy\" decoding=\"async\" width=\"546\" height=\"545\" src=\"https:\/\/gilm.pt\/congressolmc\/wp-content\/uploads\/2023\/02\/Cristiane-Parente.jpg\" class=\"attachment-full size-full wp-image-5514\" alt=\"\" srcset=\"https:\/\/gilm.pt\/congressolmc\/wp-content\/uploads\/2023\/02\/Cristiane-Parente.jpg 546w, https:\/\/gilm.pt\/congressolmc\/wp-content\/uploads\/2023\/02\/Cristiane-Parente-300x300.jpg 300w, https:\/\/gilm.pt\/congressolmc\/wp-content\/uploads\/2023\/02\/Cristiane-Parente-150x150.jpg 150w\" sizes=\"(max-width: 546px) 100vw, 546px\" \/><\/figure><div class=\"elementor-image-box-content\"><h3 class=\"elementor-image-box-title\">Cristiane Parente<\/h3><p class=\"elementor-image-box-description\">Universidade de Bras\u00edlia<\/p><\/div><\/div>\t\t\t\t<\/div>\n\t\t\t\t<\/div>\n\t\t\t\t<div class=\"elementor-element elementor-element-cdb4074 elementor-widget-divider--view-line elementor-widget elementor-widget-divider\" data-id=\"cdb4074\" data-element_type=\"widget\" data-e-type=\"widget\" data-widget_type=\"divider.default\">\n\t\t\t\t<div class=\"elementor-widget-container\">\n\t\t\t\t\t\t\t<div class=\"elementor-divider\">\n\t\t\t<span class=\"elementor-divider-separator\">\n\t\t\t\t\t\t<\/span>\n\t\t<\/div>\n\t\t\t\t\t\t<\/div>\n\t\t\t\t<\/div>\n\t\t\t\t<div class=\"elementor-element elementor-element-16e8d81 elementor-position-top elementor-widget elementor-widget-image-box\" data-id=\"16e8d81\" data-element_type=\"widget\" data-e-type=\"widget\" data-widget_type=\"image-box.default\">\n\t\t\t\t<div class=\"elementor-widget-container\">\n\t\t\t\t\t<div class=\"elementor-image-box-wrapper\"><figure class=\"elementor-image-box-img\"><img loading=\"lazy\" decoding=\"async\" width=\"1650\" height=\"1650\" src=\"https:\/\/gilm.pt\/congressolmc\/wp-content\/uploads\/2025\/10\/InesAmaral-Edited.jpg\" class=\"attachment-full size-full wp-image-8000\" alt=\"\" srcset=\"https:\/\/gilm.pt\/congressolmc\/wp-content\/uploads\/2025\/10\/InesAmaral-Edited.jpg 1650w, https:\/\/gilm.pt\/congressolmc\/wp-content\/uploads\/2025\/10\/InesAmaral-Edited-300x300.jpg 300w, https:\/\/gilm.pt\/congressolmc\/wp-content\/uploads\/2025\/10\/InesAmaral-Edited-1024x1024.jpg 1024w, https:\/\/gilm.pt\/congressolmc\/wp-content\/uploads\/2025\/10\/InesAmaral-Edited-150x150.jpg 150w, https:\/\/gilm.pt\/congressolmc\/wp-content\/uploads\/2025\/10\/InesAmaral-Edited-768x768.jpg 768w, https:\/\/gilm.pt\/congressolmc\/wp-content\/uploads\/2025\/10\/InesAmaral-Edited-1536x1536.jpg 1536w\" sizes=\"(max-width: 1650px) 100vw, 1650px\" \/><\/figure><div class=\"elementor-image-box-content\"><h3 class=\"elementor-image-box-title\">In\u00eas Amaral<\/h3><p class=\"elementor-image-box-description\">Universidade de Coimbra<\/p><\/div><\/div>\t\t\t\t<\/div>\n\t\t\t\t<\/div>\n\t\t\t\t<div class=\"elementor-element elementor-element-6c81a86 elementor-widget-divider--view-line elementor-widget elementor-widget-divider\" data-id=\"6c81a86\" data-element_type=\"widget\" data-e-type=\"widget\" data-widget_type=\"divider.default\">\n\t\t\t\t<div class=\"elementor-widget-container\">\n\t\t\t\t\t\t\t<div class=\"elementor-divider\">\n\t\t\t<span class=\"elementor-divider-separator\">\n\t\t\t\t\t\t<\/span>\n\t\t<\/div>\n\t\t\t\t\t\t<\/div>\n\t\t\t\t<\/div>\n\t\t\t\t<div class=\"elementor-element elementor-element-44be4c7 elementor-position-top elementor-widget elementor-widget-image-box\" data-id=\"44be4c7\" data-element_type=\"widget\" data-e-type=\"widget\" data-widget_type=\"image-box.default\">\n\t\t\t\t<div class=\"elementor-widget-container\">\n\t\t\t\t\t<div class=\"elementor-image-box-wrapper\"><figure class=\"elementor-image-box-img\"><img loading=\"lazy\" decoding=\"async\" width=\"505\" height=\"500\" src=\"https:\/\/gilm.pt\/congressolmc\/wp-content\/uploads\/2025\/07\/SITECONGRESSOLMC_LogoFLUC-2.jpg\" class=\"attachment-full size-full wp-image-7557\" alt=\"\" srcset=\"https:\/\/gilm.pt\/congressolmc\/wp-content\/uploads\/2025\/07\/SITECONGRESSOLMC_LogoFLUC-2.jpg 505w, https:\/\/gilm.pt\/congressolmc\/wp-content\/uploads\/2025\/07\/SITECONGRESSOLMC_LogoFLUC-2-300x297.jpg 300w, https:\/\/gilm.pt\/congressolmc\/wp-content\/uploads\/2025\/07\/SITECONGRESSOLMC_LogoFLUC-2-150x150.jpg 150w\" sizes=\"(max-width: 505px) 100vw, 505px\" \/><\/figure><div class=\"elementor-image-box-content\"><h3 class=\"elementor-image-box-title\">Jo\u00e3o Miranda<\/h3><p class=\"elementor-image-box-description\">Faculdade de Letras da Universidade de Coimbra<\/p><\/div><\/div>\t\t\t\t<\/div>\n\t\t\t\t<\/div>\n\t\t\t\t<div class=\"elementor-element elementor-element-94120ce elementor-widget-divider--view-line elementor-widget elementor-widget-divider\" data-id=\"94120ce\" data-element_type=\"widget\" data-e-type=\"widget\" data-widget_type=\"divider.default\">\n\t\t\t\t<div class=\"elementor-widget-container\">\n\t\t\t\t\t\t\t<div class=\"elementor-divider\">\n\t\t\t<span class=\"elementor-divider-separator\">\n\t\t\t\t\t\t<\/span>\n\t\t<\/div>\n\t\t\t\t\t\t<\/div>\n\t\t\t\t<\/div>\n\t\t\t\t<div class=\"elementor-element elementor-element-7b5c142 elementor-position-top elementor-widget elementor-widget-image-box\" data-id=\"7b5c142\" data-element_type=\"widget\" data-e-type=\"widget\" data-widget_type=\"image-box.default\">\n\t\t\t\t<div class=\"elementor-widget-container\">\n\t\t\t\t\t<div class=\"elementor-image-box-wrapper\"><figure class=\"elementor-image-box-img\"><img loading=\"lazy\" decoding=\"async\" width=\"367\" height=\"367\" src=\"https:\/\/gilm.pt\/congressolmc\/wp-content\/uploads\/2023\/02\/lidia_maropo_fev_2023_3-e1757698391103.jpg\" class=\"attachment-full size-full wp-image-5452\" alt=\"\" srcset=\"https:\/\/gilm.pt\/congressolmc\/wp-content\/uploads\/2023\/02\/lidia_maropo_fev_2023_3-e1757698391103.jpg 367w, https:\/\/gilm.pt\/congressolmc\/wp-content\/uploads\/2023\/02\/lidia_maropo_fev_2023_3-e1757698391103-300x300.jpg 300w, https:\/\/gilm.pt\/congressolmc\/wp-content\/uploads\/2023\/02\/lidia_maropo_fev_2023_3-e1757698391103-150x150.jpg 150w\" sizes=\"(max-width: 367px) 100vw, 367px\" \/><\/figure><div class=\"elementor-image-box-content\"><h3 class=\"elementor-image-box-title\">L\u00eddia Mar\u00f4po<\/h3><p class=\"elementor-image-box-description\">Instituto Polit\u00e9cnico de Set\u00fabal\n<\/p><\/div><\/div>\t\t\t\t<\/div>\n\t\t\t\t<\/div>\n\t\t\t\t<div class=\"elementor-element elementor-element-2ceeb88 elementor-widget-divider--view-line elementor-widget elementor-widget-divider\" data-id=\"2ceeb88\" data-element_type=\"widget\" data-e-type=\"widget\" data-widget_type=\"divider.default\">\n\t\t\t\t<div class=\"elementor-widget-container\">\n\t\t\t\t\t\t\t<div class=\"elementor-divider\">\n\t\t\t<span class=\"elementor-divider-separator\">\n\t\t\t\t\t\t<\/span>\n\t\t<\/div>\n\t\t\t\t\t\t<\/div>\n\t\t\t\t<\/div>\n\t\t\t\t<div class=\"elementor-element elementor-element-f69fe94 elementor-position-top elementor-widget elementor-widget-image-box\" data-id=\"f69fe94\" data-element_type=\"widget\" data-e-type=\"widget\" data-widget_type=\"image-box.default\">\n\t\t\t\t<div class=\"elementor-widget-container\">\n\t\t\t\t\t<div class=\"elementor-image-box-wrapper\"><figure class=\"elementor-image-box-img\"><img loading=\"lazy\" decoding=\"async\" width=\"917\" height=\"917\" src=\"https:\/\/gilm.pt\/congressolmc\/wp-content\/uploads\/2023\/02\/Luis-Pereira.jpg\" class=\"attachment-full size-full wp-image-5458\" alt=\"\" srcset=\"https:\/\/gilm.pt\/congressolmc\/wp-content\/uploads\/2023\/02\/Luis-Pereira.jpg 917w, https:\/\/gilm.pt\/congressolmc\/wp-content\/uploads\/2023\/02\/Luis-Pereira-300x300.jpg 300w, https:\/\/gilm.pt\/congressolmc\/wp-content\/uploads\/2023\/02\/Luis-Pereira-150x150.jpg 150w, https:\/\/gilm.pt\/congressolmc\/wp-content\/uploads\/2023\/02\/Luis-Pereira-768x768.jpg 768w\" sizes=\"(max-width: 917px) 100vw, 917px\" \/><\/figure><div class=\"elementor-image-box-content\"><h3 class=\"elementor-image-box-title\">Lu\u00eds Pereira<\/h3><p class=\"elementor-image-box-description\">LE@D, Universidade Aberta<\/p><\/div><\/div>\t\t\t\t<\/div>\n\t\t\t\t<\/div>\n\t\t\t\t<div class=\"elementor-element elementor-element-df2ce5b elementor-widget-divider--view-line elementor-widget elementor-widget-divider\" data-id=\"df2ce5b\" data-element_type=\"widget\" data-e-type=\"widget\" data-widget_type=\"divider.default\">\n\t\t\t\t<div class=\"elementor-widget-container\">\n\t\t\t\t\t\t\t<div class=\"elementor-divider\">\n\t\t\t<span class=\"elementor-divider-separator\">\n\t\t\t\t\t\t<\/span>\n\t\t<\/div>\n\t\t\t\t\t\t<\/div>\n\t\t\t\t<\/div>\n\t\t\t\t<div class=\"elementor-element elementor-element-635c791 elementor-position-top elementor-widget elementor-widget-image-box\" data-id=\"635c791\" data-element_type=\"widget\" data-e-type=\"widget\" data-widget_type=\"image-box.default\">\n\t\t\t\t<div class=\"elementor-widget-container\">\n\t\t\t\t\t<div class=\"elementor-image-box-wrapper\"><figure class=\"elementor-image-box-img\"><img loading=\"lazy\" decoding=\"async\" width=\"255\" height=\"255\" src=\"https:\/\/gilm.pt\/congressolmc\/wp-content\/uploads\/2023\/02\/Marisa-Torres-Silva-e1757699576192.jpg\" class=\"attachment-full size-full wp-image-5468\" alt=\"\" srcset=\"https:\/\/gilm.pt\/congressolmc\/wp-content\/uploads\/2023\/02\/Marisa-Torres-Silva-e1757699576192.jpg 255w, https:\/\/gilm.pt\/congressolmc\/wp-content\/uploads\/2023\/02\/Marisa-Torres-Silva-e1757699576192-150x150.jpg 150w\" sizes=\"(max-width: 255px) 100vw, 255px\" \/><\/figure><div class=\"elementor-image-box-content\"><h3 class=\"elementor-image-box-title\">Marisa Torres da Silva<\/h3><p class=\"elementor-image-box-description\"> Faculdade Ci\u00eancias Sociais e Humanas da Universidade Nova de Lisboa \/ ICNOVA<\/p><\/div><\/div>\t\t\t\t<\/div>\n\t\t\t\t<\/div>\n\t\t\t\t<div class=\"elementor-element elementor-element-def42dd elementor-widget-divider--view-line elementor-widget elementor-widget-divider\" data-id=\"def42dd\" data-element_type=\"widget\" data-e-type=\"widget\" data-widget_type=\"divider.default\">\n\t\t\t\t<div class=\"elementor-widget-container\">\n\t\t\t\t\t\t\t<div class=\"elementor-divider\">\n\t\t\t<span class=\"elementor-divider-separator\">\n\t\t\t\t\t\t<\/span>\n\t\t<\/div>\n\t\t\t\t\t\t<\/div>\n\t\t\t\t<\/div>\n\t\t\t\t<div class=\"elementor-element elementor-element-b320676 elementor-position-top elementor-widget elementor-widget-image-box\" data-id=\"b320676\" data-element_type=\"widget\" data-e-type=\"widget\" data-widget_type=\"image-box.default\">\n\t\t\t\t<div class=\"elementor-widget-container\">\n\t\t\t\t\t<div class=\"elementor-image-box-wrapper\"><figure class=\"elementor-image-box-img\"><img loading=\"lazy\" decoding=\"async\" width=\"2130\" height=\"2130\" src=\"https:\/\/gilm.pt\/congressolmc\/wp-content\/uploads\/2023\/02\/Paula-Lopes_-scaled-e1757699676692.jpg\" class=\"attachment-full size-full wp-image-5588\" alt=\"\" srcset=\"https:\/\/gilm.pt\/congressolmc\/wp-content\/uploads\/2023\/02\/Paula-Lopes_-scaled-e1757699676692.jpg 2130w, https:\/\/gilm.pt\/congressolmc\/wp-content\/uploads\/2023\/02\/Paula-Lopes_-scaled-e1757699676692-300x300.jpg 300w, https:\/\/gilm.pt\/congressolmc\/wp-content\/uploads\/2023\/02\/Paula-Lopes_-scaled-e1757699676692-1024x1024.jpg 1024w, https:\/\/gilm.pt\/congressolmc\/wp-content\/uploads\/2023\/02\/Paula-Lopes_-scaled-e1757699676692-150x150.jpg 150w, https:\/\/gilm.pt\/congressolmc\/wp-content\/uploads\/2023\/02\/Paula-Lopes_-scaled-e1757699676692-768x768.jpg 768w, https:\/\/gilm.pt\/congressolmc\/wp-content\/uploads\/2023\/02\/Paula-Lopes_-scaled-e1757699676692-1536x1536.jpg 1536w, https:\/\/gilm.pt\/congressolmc\/wp-content\/uploads\/2023\/02\/Paula-Lopes_-scaled-e1757699676692-2048x2048.jpg 2048w\" sizes=\"(max-width: 2130px) 100vw, 2130px\" \/><\/figure><div class=\"elementor-image-box-content\"><h3 class=\"elementor-image-box-title\">Paula Lopes<\/h3><p class=\"elementor-image-box-description\">Universidade Aut\u00f3noma de Lisboa<br><\/p><\/div><\/div>\t\t\t\t<\/div>\n\t\t\t\t<\/div>\n\t\t\t\t<div class=\"elementor-element elementor-element-5007aa5 elementor-widget-divider--view-line elementor-widget elementor-widget-divider\" data-id=\"5007aa5\" data-element_type=\"widget\" data-e-type=\"widget\" data-widget_type=\"divider.default\">\n\t\t\t\t<div class=\"elementor-widget-container\">\n\t\t\t\t\t\t\t<div class=\"elementor-divider\">\n\t\t\t<span class=\"elementor-divider-separator\">\n\t\t\t\t\t\t<\/span>\n\t\t<\/div>\n\t\t\t\t\t\t<\/div>\n\t\t\t\t<\/div>\n\t\t\t\t<div class=\"elementor-element elementor-element-7600b51 elementor-position-top elementor-widget elementor-widget-image-box\" data-id=\"7600b51\" data-element_type=\"widget\" data-e-type=\"widget\" data-widget_type=\"image-box.default\">\n\t\t\t\t<div class=\"elementor-widget-container\">\n\t\t\t\t\t<div class=\"elementor-image-box-wrapper\"><figure class=\"elementor-image-box-img\"><img loading=\"lazy\" decoding=\"async\" width=\"692\" height=\"692\" src=\"https:\/\/gilm.pt\/congressolmc\/wp-content\/uploads\/2025\/10\/Rita-Basilio-Simoes-Edited.jpg\" class=\"attachment-full size-full wp-image-8003\" alt=\"\" srcset=\"https:\/\/gilm.pt\/congressolmc\/wp-content\/uploads\/2025\/10\/Rita-Basilio-Simoes-Edited.jpg 692w, https:\/\/gilm.pt\/congressolmc\/wp-content\/uploads\/2025\/10\/Rita-Basilio-Simoes-Edited-300x300.jpg 300w, https:\/\/gilm.pt\/congressolmc\/wp-content\/uploads\/2025\/10\/Rita-Basilio-Simoes-Edited-150x150.jpg 150w\" sizes=\"(max-width: 692px) 100vw, 692px\" \/><\/figure><div class=\"elementor-image-box-content\"><h3 class=\"elementor-image-box-title\">Rita Bas\u00edlio Sim\u00f5es<\/h3><p class=\"elementor-image-box-description\">Faculdade de Letras da Universidade de Coimbra<\/p><\/div><\/div>\t\t\t\t<\/div>\n\t\t\t\t<\/div>\n\t\t\t\t<div class=\"elementor-element elementor-element-4b93614 elementor-widget-divider--view-line elementor-widget elementor-widget-divider\" data-id=\"4b93614\" data-element_type=\"widget\" data-e-type=\"widget\" data-widget_type=\"divider.default\">\n\t\t\t\t<div class=\"elementor-widget-container\">\n\t\t\t\t\t\t\t<div class=\"elementor-divider\">\n\t\t\t<span class=\"elementor-divider-separator\">\n\t\t\t\t\t\t<\/span>\n\t\t<\/div>\n\t\t\t\t\t\t<\/div>\n\t\t\t\t<\/div>\n\t\t\t\t<div class=\"elementor-element elementor-element-2cd370a elementor-position-top elementor-widget elementor-widget-image-box\" data-id=\"2cd370a\" data-element_type=\"widget\" data-e-type=\"widget\" data-widget_type=\"image-box.default\">\n\t\t\t\t<div class=\"elementor-widget-container\">\n\t\t\t\t\t<div class=\"elementor-image-box-wrapper\"><figure class=\"elementor-image-box-img\"><img loading=\"lazy\" decoding=\"async\" width=\"462\" height=\"462\" src=\"https:\/\/gilm.pt\/congressolmc\/wp-content\/uploads\/2025\/10\/Sonia-Sebastiao-Edited.jpg\" class=\"attachment-full size-full wp-image-8018\" alt=\"\" srcset=\"https:\/\/gilm.pt\/congressolmc\/wp-content\/uploads\/2025\/10\/Sonia-Sebastiao-Edited.jpg 462w, https:\/\/gilm.pt\/congressolmc\/wp-content\/uploads\/2025\/10\/Sonia-Sebastiao-Edited-300x300.jpg 300w, https:\/\/gilm.pt\/congressolmc\/wp-content\/uploads\/2025\/10\/Sonia-Sebastiao-Edited-150x150.jpg 150w\" sizes=\"(max-width: 462px) 100vw, 462px\" \/><\/figure><div class=\"elementor-image-box-content\"><h3 class=\"elementor-image-box-title\">S\u00f3nia Sebasti\u00e3o<\/h3><p class=\"elementor-image-box-description\">Instituto Superior de Ci\u00eancias Sociais e Pol\u00edticas<\/p><\/div><\/div>\t\t\t\t<\/div>\n\t\t\t\t<\/div>\n\t\t\t\t\t<\/div>\n\t\t<\/div>\n\t\t\t\t<div class=\"elementor-column elementor-col-50 elementor-inner-column elementor-element elementor-element-9b67119\" data-id=\"9b67119\" data-element_type=\"column\" data-e-type=\"column\" data-settings=\"{&quot;background_background&quot;:&quot;classic&quot;}\">\n\t\t\t<div class=\"elementor-widget-wrap elementor-element-populated\">\n\t\t\t\t\t\t<div class=\"elementor-element elementor-element-2f97d89 elementor-position-top elementor-widget elementor-widget-image-box\" data-id=\"2f97d89\" data-element_type=\"widget\" data-e-type=\"widget\" data-widget_type=\"image-box.default\">\n\t\t\t\t<div class=\"elementor-widget-container\">\n\t\t\t\t\t<div class=\"elementor-image-box-wrapper\"><figure class=\"elementor-image-box-img\"><img loading=\"lazy\" decoding=\"async\" width=\"393\" height=\"393\" src=\"https:\/\/gilm.pt\/congressolmc\/wp-content\/uploads\/2023\/02\/ana-jorge-e1757697271800.png\" class=\"attachment-full size-full wp-image-5627\" alt=\"\" srcset=\"https:\/\/gilm.pt\/congressolmc\/wp-content\/uploads\/2023\/02\/ana-jorge-e1757697271800.png 393w, https:\/\/gilm.pt\/congressolmc\/wp-content\/uploads\/2023\/02\/ana-jorge-e1757697271800-300x300.png 300w, https:\/\/gilm.pt\/congressolmc\/wp-content\/uploads\/2023\/02\/ana-jorge-e1757697271800-150x150.png 150w\" sizes=\"(max-width: 393px) 100vw, 393px\" \/><\/figure><div class=\"elementor-image-box-content\"><h3 class=\"elementor-image-box-title\">Ana Jorge<\/h3><p class=\"elementor-image-box-description\">CICANT <\/p><\/div><\/div>\t\t\t\t<\/div>\n\t\t\t\t<\/div>\n\t\t\t\t<div class=\"elementor-element elementor-element-822a634 elementor-widget-divider--view-line elementor-widget elementor-widget-divider\" data-id=\"822a634\" data-element_type=\"widget\" data-e-type=\"widget\" data-widget_type=\"divider.default\">\n\t\t\t\t<div class=\"elementor-widget-container\">\n\t\t\t\t\t\t\t<div class=\"elementor-divider\">\n\t\t\t<span class=\"elementor-divider-separator\">\n\t\t\t\t\t\t<\/span>\n\t\t<\/div>\n\t\t\t\t\t\t<\/div>\n\t\t\t\t<\/div>\n\t\t\t\t<div class=\"elementor-element elementor-element-99fc3a4 elementor-position-top elementor-widget elementor-widget-image-box\" data-id=\"99fc3a4\" data-element_type=\"widget\" data-e-type=\"widget\" data-widget_type=\"image-box.default\">\n\t\t\t\t<div class=\"elementor-widget-container\">\n\t\t\t\t\t<div class=\"elementor-image-box-wrapper\"><figure class=\"elementor-image-box-img\"><img loading=\"lazy\" decoding=\"async\" width=\"667\" height=\"667\" src=\"https:\/\/gilm.pt\/congressolmc\/wp-content\/uploads\/2023\/02\/Armanda-Matos-e1757697412200.jpg\" class=\"attachment-full size-full wp-image-5829\" alt=\"\" srcset=\"https:\/\/gilm.pt\/congressolmc\/wp-content\/uploads\/2023\/02\/Armanda-Matos-e1757697412200.jpg 667w, https:\/\/gilm.pt\/congressolmc\/wp-content\/uploads\/2023\/02\/Armanda-Matos-e1757697412200-300x300.jpg 300w, https:\/\/gilm.pt\/congressolmc\/wp-content\/uploads\/2023\/02\/Armanda-Matos-e1757697412200-150x150.jpg 150w\" sizes=\"(max-width: 667px) 100vw, 667px\" \/><\/figure><div class=\"elementor-image-box-content\"><h3 class=\"elementor-image-box-title\">Armanda Matos<\/h3><p class=\"elementor-image-box-description\">Faculdade de Psicologia e de Ci\u00eancias de Educa\u00e7\u00e3o \/ Universidade de Coimbra <\/p><\/div><\/div>\t\t\t\t<\/div>\n\t\t\t\t<\/div>\n\t\t\t\t<div class=\"elementor-element elementor-element-d1a747b elementor-widget-divider--view-line elementor-widget elementor-widget-divider\" data-id=\"d1a747b\" data-element_type=\"widget\" data-e-type=\"widget\" data-widget_type=\"divider.default\">\n\t\t\t\t<div class=\"elementor-widget-container\">\n\t\t\t\t\t\t\t<div class=\"elementor-divider\">\n\t\t\t<span class=\"elementor-divider-separator\">\n\t\t\t\t\t\t<\/span>\n\t\t<\/div>\n\t\t\t\t\t\t<\/div>\n\t\t\t\t<\/div>\n\t\t\t\t<div class=\"elementor-element elementor-element-6ba1c16 elementor-position-top elementor-widget elementor-widget-image-box\" data-id=\"6ba1c16\" data-element_type=\"widget\" data-e-type=\"widget\" data-widget_type=\"image-box.default\">\n\t\t\t\t<div class=\"elementor-widget-container\">\n\t\t\t\t\t<div class=\"elementor-image-box-wrapper\"><figure class=\"elementor-image-box-img\"><img loading=\"lazy\" decoding=\"async\" width=\"505\" height=\"500\" src=\"https:\/\/gilm.pt\/congressolmc\/wp-content\/uploads\/2025\/07\/SITECONGRESSOLMC_LogoFLUC-2.jpg\" class=\"attachment-full size-full wp-image-7557\" alt=\"\" srcset=\"https:\/\/gilm.pt\/congressolmc\/wp-content\/uploads\/2025\/07\/SITECONGRESSOLMC_LogoFLUC-2.jpg 505w, https:\/\/gilm.pt\/congressolmc\/wp-content\/uploads\/2025\/07\/SITECONGRESSOLMC_LogoFLUC-2-300x297.jpg 300w, https:\/\/gilm.pt\/congressolmc\/wp-content\/uploads\/2025\/07\/SITECONGRESSOLMC_LogoFLUC-2-150x150.jpg 150w\" sizes=\"(max-width: 505px) 100vw, 505px\" \/><\/figure><div class=\"elementor-image-box-content\"><h3 class=\"elementor-image-box-title\">Carlos Camponez<\/h3><p class=\"elementor-image-box-description\">Faculdade de Letras da Universidade de Coimbra<\/p><\/div><\/div>\t\t\t\t<\/div>\n\t\t\t\t<\/div>\n\t\t\t\t<div class=\"elementor-element elementor-element-edd75e1 elementor-widget-divider--view-line elementor-widget elementor-widget-divider\" data-id=\"edd75e1\" data-element_type=\"widget\" data-e-type=\"widget\" data-widget_type=\"divider.default\">\n\t\t\t\t<div class=\"elementor-widget-container\">\n\t\t\t\t\t\t\t<div class=\"elementor-divider\">\n\t\t\t<span class=\"elementor-divider-separator\">\n\t\t\t\t\t\t<\/span>\n\t\t<\/div>\n\t\t\t\t\t\t<\/div>\n\t\t\t\t<\/div>\n\t\t\t\t<div class=\"elementor-element elementor-element-b926756 elementor-position-top elementor-widget elementor-widget-image-box\" data-id=\"b926756\" data-element_type=\"widget\" data-e-type=\"widget\" data-widget_type=\"image-box.default\">\n\t\t\t\t<div class=\"elementor-widget-container\">\n\t\t\t\t\t<div class=\"elementor-image-box-wrapper\"><figure class=\"elementor-image-box-img\"><img loading=\"lazy\" decoding=\"async\" width=\"1650\" height=\"1650\" src=\"https:\/\/gilm.pt\/congressolmc\/wp-content\/uploads\/2025\/10\/clara-almeida-santos-Edited.jpg\" class=\"attachment-full size-full wp-image-8231\" alt=\"\" srcset=\"https:\/\/gilm.pt\/congressolmc\/wp-content\/uploads\/2025\/10\/clara-almeida-santos-Edited.jpg 1650w, https:\/\/gilm.pt\/congressolmc\/wp-content\/uploads\/2025\/10\/clara-almeida-santos-Edited-300x300.jpg 300w, https:\/\/gilm.pt\/congressolmc\/wp-content\/uploads\/2025\/10\/clara-almeida-santos-Edited-1024x1024.jpg 1024w, https:\/\/gilm.pt\/congressolmc\/wp-content\/uploads\/2025\/10\/clara-almeida-santos-Edited-150x150.jpg 150w, https:\/\/gilm.pt\/congressolmc\/wp-content\/uploads\/2025\/10\/clara-almeida-santos-Edited-768x768.jpg 768w, https:\/\/gilm.pt\/congressolmc\/wp-content\/uploads\/2025\/10\/clara-almeida-santos-Edited-1536x1536.jpg 1536w\" sizes=\"(max-width: 1650px) 100vw, 1650px\" \/><\/figure><div class=\"elementor-image-box-content\"><h3 class=\"elementor-image-box-title\">Clara Almeida Santos<\/h3><p class=\"elementor-image-box-description\">Faculdade de Letras da Universidade de Coimbra<\/p><\/div><\/div>\t\t\t\t<\/div>\n\t\t\t\t<\/div>\n\t\t\t\t<div class=\"elementor-element elementor-element-e85f83b elementor-widget-divider--view-line elementor-widget elementor-widget-divider\" data-id=\"e85f83b\" data-element_type=\"widget\" data-e-type=\"widget\" data-widget_type=\"divider.default\">\n\t\t\t\t<div class=\"elementor-widget-container\">\n\t\t\t\t\t\t\t<div class=\"elementor-divider\">\n\t\t\t<span class=\"elementor-divider-separator\">\n\t\t\t\t\t\t<\/span>\n\t\t<\/div>\n\t\t\t\t\t\t<\/div>\n\t\t\t\t<\/div>\n\t\t\t\t<div class=\"elementor-element elementor-element-916ffaf elementor-position-top elementor-widget elementor-widget-image-box\" data-id=\"916ffaf\" data-element_type=\"widget\" data-e-type=\"widget\" data-widget_type=\"image-box.default\">\n\t\t\t\t<div class=\"elementor-widget-container\">\n\t\t\t\t\t<div class=\"elementor-image-box-wrapper\"><figure class=\"elementor-image-box-img\"><img loading=\"lazy\" decoding=\"async\" width=\"120\" height=\"120\" src=\"https:\/\/gilm.pt\/congressolmc\/wp-content\/uploads\/2023\/02\/mini-foto-e1757697832435.jpg\" class=\"attachment-full size-full wp-image-5546\" alt=\"\" \/><\/figure><div class=\"elementor-image-box-content\"><h3 class=\"elementor-image-box-title\">Elsa Mendes<\/h3><p class=\"elementor-image-box-description\">Plano Nacional de Cinema<\/p><\/div><\/div>\t\t\t\t<\/div>\n\t\t\t\t<\/div>\n\t\t\t\t<div class=\"elementor-element elementor-element-16f0fb1 elementor-widget-divider--view-line elementor-widget elementor-widget-divider\" data-id=\"16f0fb1\" data-element_type=\"widget\" data-e-type=\"widget\" data-widget_type=\"divider.default\">\n\t\t\t\t<div class=\"elementor-widget-container\">\n\t\t\t\t\t\t\t<div class=\"elementor-divider\">\n\t\t\t<span class=\"elementor-divider-separator\">\n\t\t\t\t\t\t<\/span>\n\t\t<\/div>\n\t\t\t\t\t\t<\/div>\n\t\t\t\t<\/div>\n\t\t\t\t<div class=\"elementor-element elementor-element-ef5fd4d elementor-position-top elementor-widget elementor-widget-image-box\" data-id=\"ef5fd4d\" data-element_type=\"widget\" data-e-type=\"widget\" data-widget_type=\"image-box.default\">\n\t\t\t\t<div class=\"elementor-widget-container\">\n\t\t\t\t\t<div class=\"elementor-image-box-wrapper\"><figure class=\"elementor-image-box-img\"><img loading=\"lazy\" decoding=\"async\" width=\"268\" height=\"268\" src=\"https:\/\/gilm.pt\/congressolmc\/wp-content\/uploads\/2025\/10\/joao-manuel-rocha.jpg\" class=\"attachment-full size-full wp-image-8014\" alt=\"\" srcset=\"https:\/\/gilm.pt\/congressolmc\/wp-content\/uploads\/2025\/10\/joao-manuel-rocha.jpg 268w, https:\/\/gilm.pt\/congressolmc\/wp-content\/uploads\/2025\/10\/joao-manuel-rocha-150x150.jpg 150w\" sizes=\"(max-width: 268px) 100vw, 268px\" \/><\/figure><div class=\"elementor-image-box-content\"><h3 class=\"elementor-image-box-title\">Jo\u00e3o Manuel Rocha<\/h3><p class=\"elementor-image-box-description\">Universidade Cat\u00f3lica Portuguesa<\/p><\/div><\/div>\t\t\t\t<\/div>\n\t\t\t\t<\/div>\n\t\t\t\t<div class=\"elementor-element elementor-element-27b6287 elementor-widget-divider--view-line elementor-widget elementor-widget-divider\" data-id=\"27b6287\" data-element_type=\"widget\" data-e-type=\"widget\" data-widget_type=\"divider.default\">\n\t\t\t\t<div class=\"elementor-widget-container\">\n\t\t\t\t\t\t\t<div class=\"elementor-divider\">\n\t\t\t<span class=\"elementor-divider-separator\">\n\t\t\t\t\t\t<\/span>\n\t\t<\/div>\n\t\t\t\t\t\t<\/div>\n\t\t\t\t<\/div>\n\t\t\t\t<div class=\"elementor-element elementor-element-3063bd3 elementor-position-top elementor-widget elementor-widget-image-box\" data-id=\"3063bd3\" data-element_type=\"widget\" data-e-type=\"widget\" data-widget_type=\"image-box.default\">\n\t\t\t\t<div class=\"elementor-widget-container\">\n\t\t\t\t\t<div class=\"elementor-image-box-wrapper\"><figure class=\"elementor-image-box-img\"><img loading=\"lazy\" decoding=\"async\" width=\"1200\" height=\"1200\" src=\"https:\/\/gilm.pt\/congressolmc\/wp-content\/uploads\/2023\/02\/Joaquim-Fidalgo.jpg\" class=\"attachment-full size-full wp-image-5562\" alt=\"\" srcset=\"https:\/\/gilm.pt\/congressolmc\/wp-content\/uploads\/2023\/02\/Joaquim-Fidalgo.jpg 1200w, https:\/\/gilm.pt\/congressolmc\/wp-content\/uploads\/2023\/02\/Joaquim-Fidalgo-300x300.jpg 300w, https:\/\/gilm.pt\/congressolmc\/wp-content\/uploads\/2023\/02\/Joaquim-Fidalgo-1024x1024.jpg 1024w, https:\/\/gilm.pt\/congressolmc\/wp-content\/uploads\/2023\/02\/Joaquim-Fidalgo-150x150.jpg 150w, https:\/\/gilm.pt\/congressolmc\/wp-content\/uploads\/2023\/02\/Joaquim-Fidalgo-768x768.jpg 768w\" sizes=\"(max-width: 1200px) 100vw, 1200px\" \/><\/figure><div class=\"elementor-image-box-content\"><h3 class=\"elementor-image-box-title\">Joaquim Fidalgo<\/h3><p class=\"elementor-image-box-description\">Universidade do Minho<\/p><\/div><\/div>\t\t\t\t<\/div>\n\t\t\t\t<\/div>\n\t\t\t\t<div class=\"elementor-element elementor-element-9f61204 elementor-widget-divider--view-line elementor-widget elementor-widget-divider\" data-id=\"9f61204\" data-element_type=\"widget\" data-e-type=\"widget\" data-widget_type=\"divider.default\">\n\t\t\t\t<div class=\"elementor-widget-container\">\n\t\t\t\t\t\t\t<div class=\"elementor-divider\">\n\t\t\t<span class=\"elementor-divider-separator\">\n\t\t\t\t\t\t<\/span>\n\t\t<\/div>\n\t\t\t\t\t\t<\/div>\n\t\t\t\t<\/div>\n\t\t\t\t<div class=\"elementor-element elementor-element-2d9acff elementor-position-top elementor-widget elementor-widget-image-box\" data-id=\"2d9acff\" data-element_type=\"widget\" data-e-type=\"widget\" data-widget_type=\"image-box.default\">\n\t\t\t\t<div class=\"elementor-widget-container\">\n\t\t\t\t\t<div class=\"elementor-image-box-wrapper\"><figure class=\"elementor-image-box-img\"><img loading=\"lazy\" decoding=\"async\" width=\"275\" height=\"275\" src=\"https:\/\/gilm.pt\/congressolmc\/wp-content\/uploads\/2025\/09\/Luis-Bonixe-320x320-1-e1757699416436.jpg\" class=\"attachment-full size-full wp-image-7723\" alt=\"\" srcset=\"https:\/\/gilm.pt\/congressolmc\/wp-content\/uploads\/2025\/09\/Luis-Bonixe-320x320-1-e1757699416436.jpg 275w, https:\/\/gilm.pt\/congressolmc\/wp-content\/uploads\/2025\/09\/Luis-Bonixe-320x320-1-e1757699416436-150x150.jpg 150w\" sizes=\"(max-width: 275px) 100vw, 275px\" \/><\/figure><div class=\"elementor-image-box-content\"><h3 class=\"elementor-image-box-title\">Lu\u00eds Bonixe<\/h3><p class=\"elementor-image-box-description\">Instituto Polit\u00e9cnico de Portalegre\n<\/p><\/div><\/div>\t\t\t\t<\/div>\n\t\t\t\t<\/div>\n\t\t\t\t<div class=\"elementor-element elementor-element-4124bb7 elementor-widget-divider--view-line elementor-widget elementor-widget-divider\" data-id=\"4124bb7\" data-element_type=\"widget\" data-e-type=\"widget\" data-widget_type=\"divider.default\">\n\t\t\t\t<div class=\"elementor-widget-container\">\n\t\t\t\t\t\t\t<div class=\"elementor-divider\">\n\t\t\t<span class=\"elementor-divider-separator\">\n\t\t\t\t\t\t<\/span>\n\t\t<\/div>\n\t\t\t\t\t\t<\/div>\n\t\t\t\t<\/div>\n\t\t\t\t<div class=\"elementor-element elementor-element-9692a41 elementor-position-top elementor-widget elementor-widget-image-box\" data-id=\"9692a41\" data-element_type=\"widget\" data-e-type=\"widget\" data-widget_type=\"image-box.default\">\n\t\t\t\t<div class=\"elementor-widget-container\">\n\t\t\t\t\t<div class=\"elementor-image-box-wrapper\"><figure class=\"elementor-image-box-img\"><img loading=\"lazy\" decoding=\"async\" width=\"504\" height=\"504\" src=\"https:\/\/gilm.pt\/congressolmc\/wp-content\/uploads\/2023\/02\/Maria-Jose-Brites-e1757699496402.jpg\" class=\"attachment-full size-full wp-image-5585\" alt=\"\" srcset=\"https:\/\/gilm.pt\/congressolmc\/wp-content\/uploads\/2023\/02\/Maria-Jose-Brites-e1757699496402.jpg 504w, https:\/\/gilm.pt\/congressolmc\/wp-content\/uploads\/2023\/02\/Maria-Jose-Brites-e1757699496402-300x300.jpg 300w, https:\/\/gilm.pt\/congressolmc\/wp-content\/uploads\/2023\/02\/Maria-Jose-Brites-e1757699496402-150x150.jpg 150w\" sizes=\"(max-width: 504px) 100vw, 504px\" \/><\/figure><div class=\"elementor-image-box-content\"><h3 class=\"elementor-image-box-title\">Maria Jos\u00e9 Brites<\/h3><p class=\"elementor-image-box-description\">Universidade Lus\u00f3fona do Porto\n<\/p><\/div><\/div>\t\t\t\t<\/div>\n\t\t\t\t<\/div>\n\t\t\t\t<div class=\"elementor-element elementor-element-63442f1 elementor-widget-divider--view-line elementor-widget elementor-widget-divider\" data-id=\"63442f1\" data-element_type=\"widget\" data-e-type=\"widget\" data-widget_type=\"divider.default\">\n\t\t\t\t<div class=\"elementor-widget-container\">\n\t\t\t\t\t\t\t<div class=\"elementor-divider\">\n\t\t\t<span class=\"elementor-divider-separator\">\n\t\t\t\t\t\t<\/span>\n\t\t<\/div>\n\t\t\t\t\t\t<\/div>\n\t\t\t\t<\/div>\n\t\t\t\t<div class=\"elementor-element elementor-element-6610253 elementor-position-top elementor-widget elementor-widget-image-box\" data-id=\"6610253\" data-element_type=\"widget\" data-e-type=\"widget\" data-widget_type=\"image-box.default\">\n\t\t\t\t<div class=\"elementor-widget-container\">\n\t\t\t\t\t<div class=\"elementor-image-box-wrapper\"><figure class=\"elementor-image-box-img\"><img loading=\"lazy\" decoding=\"async\" width=\"2225\" height=\"2225\" src=\"https:\/\/gilm.pt\/congressolmc\/wp-content\/uploads\/2023\/02\/zagalo.png\" class=\"attachment-full size-full wp-image-5470\" alt=\"\" srcset=\"https:\/\/gilm.pt\/congressolmc\/wp-content\/uploads\/2023\/02\/zagalo.png 2225w, https:\/\/gilm.pt\/congressolmc\/wp-content\/uploads\/2023\/02\/zagalo-300x300.png 300w, https:\/\/gilm.pt\/congressolmc\/wp-content\/uploads\/2023\/02\/zagalo-1024x1024.png 1024w, https:\/\/gilm.pt\/congressolmc\/wp-content\/uploads\/2023\/02\/zagalo-150x150.png 150w, https:\/\/gilm.pt\/congressolmc\/wp-content\/uploads\/2023\/02\/zagalo-768x768.png 768w, https:\/\/gilm.pt\/congressolmc\/wp-content\/uploads\/2023\/02\/zagalo-1536x1536.png 1536w, https:\/\/gilm.pt\/congressolmc\/wp-content\/uploads\/2023\/02\/zagalo-2048x2048.png 2048w\" sizes=\"(max-width: 2225px) 100vw, 2225px\" \/><\/figure><div class=\"elementor-image-box-content\"><h3 class=\"elementor-image-box-title\">Nelson Zagalo<\/h3><p class=\"elementor-image-box-description\">Universidade de Aveiro<br><\/p><\/div><\/div>\t\t\t\t<\/div>\n\t\t\t\t<\/div>\n\t\t\t\t<div class=\"elementor-element elementor-element-0ce4ab0 elementor-widget-divider--view-line elementor-widget elementor-widget-divider\" data-id=\"0ce4ab0\" data-element_type=\"widget\" data-e-type=\"widget\" data-widget_type=\"divider.default\">\n\t\t\t\t<div class=\"elementor-widget-container\">\n\t\t\t\t\t\t\t<div class=\"elementor-divider\">\n\t\t\t<span class=\"elementor-divider-separator\">\n\t\t\t\t\t\t<\/span>\n\t\t<\/div>\n\t\t\t\t\t\t<\/div>\n\t\t\t\t<\/div>\n\t\t\t\t<div class=\"elementor-element elementor-element-cb794a3 elementor-position-top elementor-widget elementor-widget-image-box\" data-id=\"cb794a3\" data-element_type=\"widget\" data-e-type=\"widget\" data-widget_type=\"image-box.default\">\n\t\t\t\t<div class=\"elementor-widget-container\">\n\t\t\t\t\t<div class=\"elementor-image-box-wrapper\"><figure class=\"elementor-image-box-img\"><img loading=\"lazy\" decoding=\"async\" width=\"1907\" height=\"1907\" src=\"https:\/\/gilm.pt\/congressolmc\/wp-content\/uploads\/2023\/03\/Foto-Pedro-Braumann-e1757699755710.jpg\" class=\"attachment-full size-full wp-image-6308\" alt=\"\" srcset=\"https:\/\/gilm.pt\/congressolmc\/wp-content\/uploads\/2023\/03\/Foto-Pedro-Braumann-e1757699755710.jpg 1907w, https:\/\/gilm.pt\/congressolmc\/wp-content\/uploads\/2023\/03\/Foto-Pedro-Braumann-e1757699755710-300x300.jpg 300w, https:\/\/gilm.pt\/congressolmc\/wp-content\/uploads\/2023\/03\/Foto-Pedro-Braumann-e1757699755710-1024x1024.jpg 1024w, https:\/\/gilm.pt\/congressolmc\/wp-content\/uploads\/2023\/03\/Foto-Pedro-Braumann-e1757699755710-150x150.jpg 150w, https:\/\/gilm.pt\/congressolmc\/wp-content\/uploads\/2023\/03\/Foto-Pedro-Braumann-e1757699755710-768x768.jpg 768w, https:\/\/gilm.pt\/congressolmc\/wp-content\/uploads\/2023\/03\/Foto-Pedro-Braumann-e1757699755710-1536x1536.jpg 1536w\" sizes=\"(max-width: 1907px) 100vw, 1907px\" \/><\/figure><div class=\"elementor-image-box-content\"><h3 class=\"elementor-image-box-title\">Pedro Jorge Braumann<\/h3><p class=\"elementor-image-box-description\">RTP e Escola Superior de Comunica\u00e7\u00e3o Social <\/p><\/div><\/div>\t\t\t\t<\/div>\n\t\t\t\t<\/div>\n\t\t\t\t<div class=\"elementor-element elementor-element-19d1f0a elementor-widget-divider--view-line elementor-widget elementor-widget-divider\" data-id=\"19d1f0a\" data-element_type=\"widget\" data-e-type=\"widget\" data-widget_type=\"divider.default\">\n\t\t\t\t<div class=\"elementor-widget-container\">\n\t\t\t\t\t\t\t<div class=\"elementor-divider\">\n\t\t\t<span class=\"elementor-divider-separator\">\n\t\t\t\t\t\t<\/span>\n\t\t<\/div>\n\t\t\t\t\t\t<\/div>\n\t\t\t\t<\/div>\n\t\t\t\t<div class=\"elementor-element elementor-element-9d6b4ef elementor-position-top elementor-widget elementor-widget-image-box\" data-id=\"9d6b4ef\" data-element_type=\"widget\" data-e-type=\"widget\" data-widget_type=\"image-box.default\">\n\t\t\t\t<div class=\"elementor-widget-container\">\n\t\t\t\t\t<div class=\"elementor-image-box-wrapper\"><figure class=\"elementor-image-box-img\"><img loading=\"lazy\" decoding=\"async\" width=\"505\" height=\"500\" src=\"https:\/\/gilm.pt\/congressolmc\/wp-content\/uploads\/2025\/07\/SITECONGRESSOLMC_LogoFLUC-2.jpg\" class=\"attachment-full size-full wp-image-7557\" alt=\"\" srcset=\"https:\/\/gilm.pt\/congressolmc\/wp-content\/uploads\/2025\/07\/SITECONGRESSOLMC_LogoFLUC-2.jpg 505w, https:\/\/gilm.pt\/congressolmc\/wp-content\/uploads\/2025\/07\/SITECONGRESSOLMC_LogoFLUC-2-300x297.jpg 300w, https:\/\/gilm.pt\/congressolmc\/wp-content\/uploads\/2025\/07\/SITECONGRESSOLMC_LogoFLUC-2-150x150.jpg 150w\" sizes=\"(max-width: 505px) 100vw, 505px\" \/><\/figure><div class=\"elementor-image-box-content\"><h3 class=\"elementor-image-box-title\">S\u00edlvio Santos<\/h3><p class=\"elementor-image-box-description\">Faculdade de Letras da Universidade de Coimbra<\/p><\/div><\/div>\t\t\t\t<\/div>\n\t\t\t\t<\/div>\n\t\t\t\t<div class=\"elementor-element elementor-element-d926b4e elementor-widget-divider--view-line elementor-widget elementor-widget-divider\" data-id=\"d926b4e\" data-element_type=\"widget\" data-e-type=\"widget\" data-widget_type=\"divider.default\">\n\t\t\t\t<div class=\"elementor-widget-container\">\n\t\t\t\t\t\t\t<div class=\"elementor-divider\">\n\t\t\t<span class=\"elementor-divider-separator\">\n\t\t\t\t\t\t<\/span>\n\t\t<\/div>\n\t\t\t\t\t\t<\/div>\n\t\t\t\t<\/div>\n\t\t\t\t<div class=\"elementor-element elementor-element-c40d687 elementor-position-top elementor-widget elementor-widget-image-box\" data-id=\"c40d687\" data-element_type=\"widget\" data-e-type=\"widget\" data-widget_type=\"image-box.default\">\n\t\t\t\t<div class=\"elementor-widget-container\">\n\t\t\t\t\t<div class=\"elementor-image-box-wrapper\"><figure class=\"elementor-image-box-img\"><img loading=\"lazy\" decoding=\"async\" width=\"2097\" height=\"2098\" src=\"https:\/\/gilm.pt\/congressolmc\/wp-content\/uploads\/2023\/02\/Vitor-Tome_photo_2022-e1757700360984.jpg\" class=\"attachment-full size-full wp-image-5564\" alt=\"\" srcset=\"https:\/\/gilm.pt\/congressolmc\/wp-content\/uploads\/2023\/02\/Vitor-Tome_photo_2022-e1757700360984.jpg 2097w, https:\/\/gilm.pt\/congressolmc\/wp-content\/uploads\/2023\/02\/Vitor-Tome_photo_2022-e1757700360984-300x300.jpg 300w, https:\/\/gilm.pt\/congressolmc\/wp-content\/uploads\/2023\/02\/Vitor-Tome_photo_2022-e1757700360984-1024x1024.jpg 1024w, https:\/\/gilm.pt\/congressolmc\/wp-content\/uploads\/2023\/02\/Vitor-Tome_photo_2022-e1757700360984-150x150.jpg 150w, https:\/\/gilm.pt\/congressolmc\/wp-content\/uploads\/2023\/02\/Vitor-Tome_photo_2022-e1757700360984-768x768.jpg 768w, https:\/\/gilm.pt\/congressolmc\/wp-content\/uploads\/2023\/02\/Vitor-Tome_photo_2022-e1757700360984-1536x1536.jpg 1536w, https:\/\/gilm.pt\/congressolmc\/wp-content\/uploads\/2023\/02\/Vitor-Tome_photo_2022-e1757700360984-2048x2048.jpg 2048w\" sizes=\"(max-width: 2097px) 100vw, 2097px\" \/><\/figure><div class=\"elementor-image-box-content\"><h3 class=\"elementor-image-box-title\">V\u00edtor Tom\u00e9<\/h3><p class=\"elementor-image-box-description\">Universidade Aut\u00f3noma de Lisboa \/ ISCTE-Instituto Universit\u00e1rio de Lisboa<\/p><\/div><\/div>\t\t\t\t<\/div>\n\t\t\t\t<\/div>\n\t\t\t\t\t<\/div>\n\t\t<\/div>\n\t\t\t\t\t<\/div>\n\t\t<\/section>\n\t\t\t\t\t<\/div>\n\t\t<\/div>\n\t\t\t\t\t<\/div>\n\t\t<\/section>\n\t\t<div class=\"elementor-element elementor-element-04b0164 e-flex e-con-boxed e-con e-parent\" data-id=\"04b0164\" data-element_type=\"container\" data-e-type=\"container\">\n\t\t\t\t\t<div class=\"e-con-inner\">\n\t\t\t\t\t<\/div>\n\t\t\t\t<\/div>\n\t\t\t\t<\/div>\n\t\t","protected":false},"excerpt":{"rendered":"<p>Presidente Fernanda Bonacho Escola Superior de Comunica\u00e7\u00e3o Social do Polit\u00e9cnico de Lisboa \/ LIACOM Ana Filipa Martins Universidade do Algarve \/ CIAC Ana Teresa Peixinho Faculdade de Letras Universidade de Coimbra Carla Ganito Universidade Cat\u00f3lica de Lisboa C\u00e9lia Quico Universidade Lus\u00f3fona Cristiane Parente Universidade de Bras\u00edlia In\u00eas Amaral Universidade de Coimbra Jo\u00e3o Miranda Faculdade de [&hellip;]<\/p>\n","protected":false},"author":1,"featured_media":0,"parent":0,"menu_order":0,"comment_status":"closed","ping_status":"closed","template":"","meta":{"footnotes":""},"class_list":["post-1900","page","type-page","status-publish","hentry"],"_links":{"self":[{"href":"https:\/\/gilm.pt\/congressolmc\/wp-json\/wp\/v2\/pages\/1900","targetHints":{"allow":["GET"]}}],"collection":[{"href":"https:\/\/gilm.pt\/congressolmc\/wp-json\/wp\/v2\/pages"}],"about":[{"href":"https:\/\/gilm.pt\/congressolmc\/wp-json\/wp\/v2\/types\/page"}],"author":[{"embeddable":true,"href":"https:\/\/gilm.pt\/congressolmc\/wp-json\/wp\/v2\/users\/1"}],"replies":[{"embeddable":true,"href":"https:\/\/gilm.pt\/congressolmc\/wp-json\/wp\/v2\/comments?post=1900"}],"version-history":[{"count":5,"href":"https:\/\/gilm.pt\/congressolmc\/wp-json\/wp\/v2\/pages\/1900\/revisions"}],"predecessor-version":[{"id":8413,"href":"https:\/\/gilm.pt\/congressolmc\/wp-json\/wp\/v2\/pages\/1900\/revisions\/8413"}],"wp:attachment":[{"href":"https:\/\/gilm.pt\/congressolmc\/wp-json\/wp\/v2\/media?parent=1900"}],"curies":[{"name":"wp","href":"https:\/\/api.w.org\/{rel}","templated":true}]}}