{"id":24,"date":"2016-07-27T08:58:05","date_gmt":"2016-07-27T08:58:05","guid":{"rendered":"https:\/\/4congressolmc.wordpress.com\/?page_id=24"},"modified":"2025-10-08T10:35:01","modified_gmt":"2025-10-08T10:35:01","slug":"acreditacao","status":"publish","type":"page","link":"https:\/\/gilm.pt\/congressolmc\/acreditacao\/","title":{"rendered":"Acredita\u00e7\u00e3o para Professores (pr\u00e9-escolar ao secund\u00e1rio)"},"content":{"rendered":"\t\t<div data-elementor-type=\"wp-page\" data-elementor-id=\"24\" class=\"elementor elementor-24\" data-elementor-post-type=\"page\">\n\t\t\t\t<div class=\"elementor-element elementor-element-3133fbfc e-con-full e-flex e-con e-parent\" data-id=\"3133fbfc\" data-element_type=\"container\" data-e-type=\"container\">\n\t\t\t\t<div class=\"elementor-element elementor-element-170e1ea5 elementor-widget elementor-widget-text-editor\" data-id=\"170e1ea5\" data-element_type=\"widget\" data-e-type=\"widget\" data-widget_type=\"text-editor.default\">\n\t\t\t\t<div class=\"elementor-widget-container\">\n\t\t\t\t\t\t\t\t\t<p class=\"p1\">O VII Congresso Literacia, Media e Cidadania \u2013 Comportamentos, Narrativas e Direitos Humanos \u00e9 uma <strong>oportunidade de forma\u00e7\u00e3o cont\u00ednua certificada<\/strong> para os professores do pr\u00e9-escolar ao secund\u00e1rio.<\/p>\t\t\t\t\t\t\t\t<\/div>\n\t\t\t\t<\/div>\n\t\t<div class=\"elementor-element elementor-element-b410635 e-grid e-con-boxed e-con e-child\" data-id=\"b410635\" data-element_type=\"container\" data-e-type=\"container\">\n\t\t\t\t\t<div class=\"e-con-inner\">\n\t\t\t\t<div class=\"elementor-element elementor-element-9d78665 elementor-widget__width-initial elementor-widget elementor-widget-text-editor\" data-id=\"9d78665\" data-element_type=\"widget\" data-e-type=\"widget\" data-widget_type=\"text-editor.default\">\n\t\t\t\t<div class=\"elementor-widget-container\">\n\t\t\t\t\t\t\t\t\t<p class=\"p1\"><b>Curso de forma\u00e7\u00e3o<\/b><\/p><p class=\"p1\"><b>Regime<\/b>: presencial<\/p><p class=\"p1\"><b>N\u00famero de horas<\/b>: 12h (27 e 28 de novembro de 2025)<\/p><p class=\"p1\"><b>Destinat\u00e1rios<\/b>: Educadores de inf\u00e2ncia, professores dos ensinos b\u00e1sico e secund\u00e1rio, e professores de educa\u00e7\u00e3o especial<\/p><p><strong>Formadores<\/strong>: Fernanda Bonacho, In\u00eas Amaral, Maria Jo\u00e3o Filipe e V\u00edtor Tom\u00e9<\/p><p><strong>Registo de acredita\u00e7\u00e3o<\/strong>: CCPFC\/ACC-135815\/25<\/p>\t\t\t\t\t\t\t\t<\/div>\n\t\t\t\t<\/div>\n\t\t\t\t<div class=\"elementor-element elementor-element-b874a2c elementor-widget elementor-widget-gallery\" data-id=\"b874a2c\" data-element_type=\"widget\" data-e-type=\"widget\" data-settings=\"{&quot;columns&quot;:2,&quot;lazyload&quot;:&quot;yes&quot;,&quot;gallery_layout&quot;:&quot;grid&quot;,&quot;columns_tablet&quot;:2,&quot;columns_mobile&quot;:1,&quot;gap&quot;:{&quot;unit&quot;:&quot;px&quot;,&quot;size&quot;:10,&quot;sizes&quot;:[]},&quot;gap_tablet&quot;:{&quot;unit&quot;:&quot;px&quot;,&quot;size&quot;:10,&quot;sizes&quot;:[]},&quot;gap_mobile&quot;:{&quot;unit&quot;:&quot;px&quot;,&quot;size&quot;:10,&quot;sizes&quot;:[]},&quot;link_to&quot;:&quot;file&quot;,&quot;aspect_ratio&quot;:&quot;3:2&quot;,&quot;content_hover_animation&quot;:&quot;fade-in&quot;}\" data-widget_type=\"gallery.default\">\n\t\t\t\t<div class=\"elementor-widget-container\">\n\t\t\t\t\t\t\t<div class=\"elementor-gallery__container\">\n\t\t\t\t\t\t\t<a class=\"e-gallery-item elementor-gallery-item elementor-animated-content\" href=\"https:\/\/gilm.pt\/congressolmc\/wp-content\/uploads\/2023\/01\/3congresso_Lit_Med_Cid_ERC_GBD210.jpg\" data-elementor-open-lightbox=\"yes\" data-elementor-lightbox-slideshow=\"b874a2c\" data-elementor-lightbox-title=\"3congresso_Lit_Med_Cid_ERC_GBD210\" data-e-action-hash=\"#elementor-action%3Aaction%3Dlightbox%26settings%3DeyJpZCI6NDk1MiwidXJsIjoiaHR0cHM6XC9cL2dpbG0ucHRcL2NvbmdyZXNzb2xtY1wvd3AtY29udGVudFwvdXBsb2Fkc1wvMjAyM1wvMDFcLzNjb25ncmVzc29fTGl0X01lZF9DaWRfRVJDX0dCRDIxMC5qcGciLCJzbGlkZXNob3ciOiJiODc0YTJjIn0%3D\">\n\t\t\t\t\t<div class=\"e-gallery-image elementor-gallery-item__image\" data-thumbnail=\"https:\/\/gilm.pt\/congressolmc\/wp-content\/uploads\/2023\/01\/3congresso_Lit_Med_Cid_ERC_GBD210-300x200.jpg\" data-width=\"300\" data-height=\"200\" aria-label=\"\" role=\"img\" ><\/div>\n\t\t\t\t\t\t\t\t\t\t\t\t\t\t<\/a>\n\t\t\t\t\t\t\t<a class=\"e-gallery-item elementor-gallery-item elementor-animated-content\" href=\"https:\/\/gilm.pt\/congressolmc\/wp-content\/uploads\/2023\/01\/3congresso_Lit_Med_Cid_ERC_GBD074.jpg\" data-elementor-open-lightbox=\"yes\" data-elementor-lightbox-slideshow=\"b874a2c\" data-elementor-lightbox-title=\"III Congresso de Literacia e Media\" data-e-action-hash=\"#elementor-action%3Aaction%3Dlightbox%26settings%3DeyJpZCI6NDkzNCwidXJsIjoiaHR0cHM6XC9cL2dpbG0ucHRcL2NvbmdyZXNzb2xtY1wvd3AtY29udGVudFwvdXBsb2Fkc1wvMjAyM1wvMDFcLzNjb25ncmVzc29fTGl0X01lZF9DaWRfRVJDX0dCRDA3NC5qcGciLCJzbGlkZXNob3ciOiJiODc0YTJjIn0%3D\">\n\t\t\t\t\t<div class=\"e-gallery-image elementor-gallery-item__image\" data-thumbnail=\"https:\/\/gilm.pt\/congressolmc\/wp-content\/uploads\/2023\/01\/3congresso_Lit_Med_Cid_ERC_GBD074-300x200.jpg\" data-width=\"300\" data-height=\"200\" aria-label=\"\" role=\"img\" ><\/div>\n\t\t\t\t\t\t\t\t\t\t\t\t\t\t<\/a>\n\t\t\t\t\t\t\t<a class=\"e-gallery-item elementor-gallery-item elementor-animated-content\" href=\"https:\/\/gilm.pt\/congressolmc\/wp-content\/uploads\/2025\/10\/WhatsApp-Image-2025-10-08-at-11.25.06.jpeg\" data-elementor-open-lightbox=\"yes\" data-elementor-lightbox-slideshow=\"b874a2c\" data-elementor-lightbox-title=\"Workshop GILM\" data-e-action-hash=\"#elementor-action%3Aaction%3Dlightbox%26settings%3DeyJpZCI6ODA3NCwidXJsIjoiaHR0cHM6XC9cL2dpbG0ucHRcL2NvbmdyZXNzb2xtY1wvd3AtY29udGVudFwvdXBsb2Fkc1wvMjAyNVwvMTBcL1doYXRzQXBwLUltYWdlLTIwMjUtMTAtMDgtYXQtMTEuMjUuMDYuanBlZyIsInNsaWRlc2hvdyI6ImI4NzRhMmMifQ%3D%3D\">\n\t\t\t\t\t<div class=\"e-gallery-image elementor-gallery-item__image\" data-thumbnail=\"https:\/\/gilm.pt\/congressolmc\/wp-content\/uploads\/2025\/10\/WhatsApp-Image-2025-10-08-at-11.25.06-300x226.jpeg\" data-width=\"300\" data-height=\"226\" aria-label=\"\" role=\"img\" ><\/div>\n\t\t\t\t\t\t\t\t\t\t\t\t\t\t<\/a>\n\t\t\t\t\t\t\t<a class=\"e-gallery-item elementor-gallery-item elementor-animated-content\" href=\"https:\/\/gilm.pt\/congressolmc\/wp-content\/uploads\/2023\/01\/3congresso_Lit_Med_Cid_ERC_GBD263.jpg\" data-elementor-open-lightbox=\"yes\" data-elementor-lightbox-slideshow=\"b874a2c\" data-elementor-lightbox-title=\"3congresso_Lit_Med_Cid_ERC_GBD263\" data-e-action-hash=\"#elementor-action%3Aaction%3Dlightbox%26settings%3DeyJpZCI6NDk1NCwidXJsIjoiaHR0cHM6XC9cL2dpbG0ucHRcL2NvbmdyZXNzb2xtY1wvd3AtY29udGVudFwvdXBsb2Fkc1wvMjAyM1wvMDFcLzNjb25ncmVzc29fTGl0X01lZF9DaWRfRVJDX0dCRDI2My5qcGciLCJzbGlkZXNob3ciOiJiODc0YTJjIn0%3D\">\n\t\t\t\t\t<div class=\"e-gallery-image elementor-gallery-item__image\" data-thumbnail=\"https:\/\/gilm.pt\/congressolmc\/wp-content\/uploads\/2023\/01\/3congresso_Lit_Med_Cid_ERC_GBD263-300x200.jpg\" data-width=\"300\" data-height=\"200\" aria-label=\"\" role=\"img\" ><\/div>\n\t\t\t\t\t\t\t\t\t\t\t\t\t\t<\/a>\n\t\t\t\t\t<\/div>\n\t\t\t\t\t<\/div>\n\t\t\t\t<\/div>\n\t\t\t\t\t<\/div>\n\t\t\t\t<\/div>\n\t\t\t\t<div class=\"elementor-element elementor-element-6fc7f44 elementor-widget elementor-widget-text-editor\" data-id=\"6fc7f44\" data-element_type=\"widget\" data-e-type=\"widget\" data-widget_type=\"text-editor.default\">\n\t\t\t\t<div class=\"elementor-widget-container\">\n\t\t\t\t\t\t\t\t\t<p class=\"p1\">A acredita\u00e7\u00e3o implica inscri\u00e7\u00e3o no Congresso.<\/p>\t\t\t\t\t\t\t\t<\/div>\n\t\t\t\t<\/div>\n\t\t\t\t<div class=\"elementor-element elementor-element-09bfb61 elementor-align-center elementor-widget elementor-widget-button\" data-id=\"09bfb61\" data-element_type=\"widget\" data-e-type=\"widget\" data-widget_type=\"button.default\">\n\t\t\t\t<div class=\"elementor-widget-container\">\n\t\t\t\t\t\t\t\t\t<div class=\"elementor-button-wrapper\">\n\t\t\t\t\t<a class=\"elementor-button elementor-button-link elementor-size-sm\" href=\"https:\/\/gilm.pt\/congressolmc\/inscricoes\/\">\n\t\t\t\t\t\t<span class=\"elementor-button-content-wrapper\">\n\t\t\t\t\t\t\t\t\t<span class=\"elementor-button-text\">Inscreva-se aqui<\/span>\n\t\t\t\t\t<\/span>\n\t\t\t\t\t<\/a>\n\t\t\t\t<\/div>\n\t\t\t\t\t\t\t\t<\/div>\n\t\t\t\t<\/div>\n\t\t\t\t<div class=\"elementor-element elementor-element-0567c95 elementor-widget elementor-widget-text-editor\" data-id=\"0567c95\" data-element_type=\"widget\" data-e-type=\"widget\" data-widget_type=\"text-editor.default\">\n\t\t\t\t<div class=\"elementor-widget-container\">\n\t\t\t\t\t\t\t\t\t<p class=\"p1\">Certifica\u00e7\u00e3o atribu\u00edda pelo Centro de Forma\u00e7\u00e3o da Associa\u00e7\u00e3o de Escolas (CFAE) <a href=\"https:\/\/cfae-minerva.edu.pt\/\" target=\"_blank\" rel=\"noopener\"><span style=\"text-decoration: underline;\">Minerva<\/span><\/a>, de acordo com o n.\u00ba 1 do artigo 8.\u00ba, do Regime Jur\u00eddico da Forma\u00e7\u00e3o Cont\u00ednua de Professores.<\/p>\t\t\t\t\t\t\t\t<\/div>\n\t\t\t\t<\/div>\n\t\t\t\t<div class=\"elementor-element elementor-element-a0ed110 elementor-widget elementor-widget-text-editor\" data-id=\"a0ed110\" data-element_type=\"widget\" data-e-type=\"widget\" data-widget_type=\"text-editor.default\">\n\t\t\t\t<div class=\"elementor-widget-container\">\n\t\t\t\t\t\t\t\t\t<p>Consultar forma\u00e7\u00e3o no <em>site<\/em> do CFAE Minerva: <span style=\"text-decoration: underline;\"><a href=\"https:\/\/cfae-minerva.edu.pt\/\" target=\"_blank\" rel=\"noopener\">https:\/\/cfae-minerva.edu.pt\/<\/a><\/span>.<\/p><p>\u00a0<\/p><p><img fetchpriority=\"high\" decoding=\"async\" class=\"alignnone wp-image-8047 size-full\" src=\"https:\/\/gilm.pt\/congressolmc\/wp-content\/uploads\/2025\/10\/Logo-Minerva.png\" alt=\"\" width=\"367\" height=\"150\" srcset=\"https:\/\/gilm.pt\/congressolmc\/wp-content\/uploads\/2025\/10\/Logo-Minerva.png 367w, https:\/\/gilm.pt\/congressolmc\/wp-content\/uploads\/2025\/10\/Logo-Minerva-300x123.png 300w\" sizes=\"(max-width: 367px) 100vw, 367px\" \/><\/p>\t\t\t\t\t\t\t\t<\/div>\n\t\t\t\t<\/div>\n\t\t\t\t<\/div>\n\t\t<div class=\"elementor-element elementor-element-b540e5b e-flex e-con-boxed e-con e-parent\" data-id=\"b540e5b\" data-element_type=\"container\" data-e-type=\"container\">\n\t\t\t\t\t<div class=\"e-con-inner\">\n\t\t\t\t\t<\/div>\n\t\t\t\t<\/div>\n\t\t<div class=\"elementor-element elementor-element-102b3fc e-flex e-con-boxed e-con e-parent\" data-id=\"102b3fc\" data-element_type=\"container\" data-e-type=\"container\">\n\t\t\t\t\t<div class=\"e-con-inner\">\n\t\t\t\t\t<\/div>\n\t\t\t\t<\/div>\n\t\t\t\t<\/div>\n\t\t","protected":false},"excerpt":{"rendered":"<p>O VII Congresso Literacia, Media e Cidadania \u2013 Comportamentos, Narrativas e Direitos Humanos \u00e9 uma oportunidade de forma\u00e7\u00e3o cont\u00ednua certificada para os professores do pr\u00e9-escolar ao secund\u00e1rio. Curso de forma\u00e7\u00e3o Regime: presencial N\u00famero de horas: 12h (27 e 28 de novembro de 2025) Destinat\u00e1rios: Educadores de inf\u00e2ncia, professores dos ensinos b\u00e1sico e secund\u00e1rio, e professores [&hellip;]<\/p>\n","protected":false},"author":1,"featured_media":0,"parent":0,"menu_order":0,"comment_status":"closed","ping_status":"closed","template":"","meta":{"footnotes":""},"class_list":["post-24","page","type-page","status-publish","hentry"],"_links":{"self":[{"href":"https:\/\/gilm.pt\/congressolmc\/wp-json\/wp\/v2\/pages\/24","targetHints":{"allow":["GET"]}}],"collection":[{"href":"https:\/\/gilm.pt\/congressolmc\/wp-json\/wp\/v2\/pages"}],"about":[{"href":"https:\/\/gilm.pt\/congressolmc\/wp-json\/wp\/v2\/types\/page"}],"author":[{"embeddable":true,"href":"https:\/\/gilm.pt\/congressolmc\/wp-json\/wp\/v2\/users\/1"}],"replies":[{"embeddable":true,"href":"https:\/\/gilm.pt\/congressolmc\/wp-json\/wp\/v2\/comments?post=24"}],"version-history":[{"count":5,"href":"https:\/\/gilm.pt\/congressolmc\/wp-json\/wp\/v2\/pages\/24\/revisions"}],"predecessor-version":[{"id":8077,"href":"https:\/\/gilm.pt\/congressolmc\/wp-json\/wp\/v2\/pages\/24\/revisions\/8077"}],"wp:attachment":[{"href":"https:\/\/gilm.pt\/congressolmc\/wp-json\/wp\/v2\/media?parent=24"}],"curies":[{"name":"wp","href":"https:\/\/api.w.org\/{rel}","templated":true}]}}